{"id":3,"date":"2024-05-14T13:08:03","date_gmt":"2024-05-14T13:08:03","guid":{"rendered":"https:\/\/panairllc.com\/?page_id=3"},"modified":"2024-06-19T17:09:24","modified_gmt":"2024-06-19T17:09:24","slug":"politicas-de-privacidade","status":"publish","type":"page","link":"https:\/\/panairllc.com\/es\/politicas-de-privacidade\/","title":{"rendered":"Pol\u00edticas de privacidad"},"content":{"rendered":"<div data-elementor-type=\"wp-page\" data-elementor-id=\"3\" class=\"elementor elementor-3\" data-elementor-post-type=\"page\">\n\t\t\t\t<div class=\"elementor-element elementor-element-1149b14 e-flex e-con-boxed e-con e-parent\" data-id=\"1149b14\" data-element_type=\"container\" data-e-type=\"container\" data-settings=\"{&quot;background_background&quot;:&quot;classic&quot;}\">\n\t\t\t\t\t<div class=\"e-con-inner\">\n\t\t\t\t<div class=\"elementor-element elementor-element-1b221e0 elementor-widget__width-initial elementor-widget-mobile__width-inherit elementor-widget elementor-widget-heading\" data-id=\"1b221e0\" data-element_type=\"widget\" data-e-type=\"widget\" data-widget_type=\"heading.default\">\n\t\t\t\t<div class=\"elementor-widget-container\">\n\t\t\t\t\t<h1 class=\"elementor-heading-title elementor-size-default\">Pol\u00edtica de Privacidad<\/h1>\t\t\t\t<\/div>\n\t\t\t\t<\/div>\n\t\t\t\t<div class=\"elementor-element elementor-element-24c6085 elementor-widget__width-inherit elementor-widget-mobile__width-inherit elementor-widget elementor-widget-text-editor\" data-id=\"24c6085\" data-element_type=\"widget\" data-e-type=\"widget\" data-widget_type=\"text-editor.default\">\n\t\t\t\t<div class=\"elementor-widget-container\">\n\t\t\t\t\t\t\t\t\t<p>La presente Pol\u00edtica de Privacidad es regular a la utilizaci\u00f3n por usted, usuario, de nuestros servicios en el sitio.<\/p>\n<p>Actualizamos nuestra pol\u00edtica de privacidad de acuerdo con la nueva Ley General de Protecci\u00f3n de Datos (LGPD). Recopilamos nuestros datos para ofrecer una experiencia personalizada de forma segura.<\/p>\t\t\t\t\t\t\t\t<\/div>\n\t\t\t\t<\/div>\n\t\t\t\t\t<\/div>\n\t\t\t\t<\/div>\n\t\t<div class=\"elementor-element elementor-element-3822610 e-flex e-con-boxed e-con e-parent\" data-id=\"3822610\" data-element_type=\"container\" data-e-type=\"container\" data-settings=\"{&quot;background_background&quot;:&quot;classic&quot;}\">\n\t\t\t\t\t<div class=\"e-con-inner\">\n\t\t\t\t<div class=\"elementor-element elementor-element-08a6605 elementor-widget elementor-widget-heading\" data-id=\"08a6605\" data-element_type=\"widget\" data-e-type=\"widget\" data-widget_type=\"heading.default\">\n\t\t\t\t<div class=\"elementor-widget-container\">\n\t\t\t\t\t<h2 class=\"elementor-heading-title elementor-size-default\">\u00bfQu\u00e9 es la LGPD?<\/h2>\t\t\t\t<\/div>\n\t\t\t\t<\/div>\n\t\t\t\t<div class=\"elementor-element elementor-element-bd2aaa1 elementor-widget__width-inherit elementor-widget-mobile__width-inherit elementor-widget elementor-widget-text-editor\" data-id=\"bd2aaa1\" data-element_type=\"widget\" data-e-type=\"widget\" data-widget_type=\"text-editor.default\">\n\t\t\t\t<div class=\"elementor-widget-container\">\n\t\t\t\t\t\t\t\t\t<p>A Lei General de Prote\u00e7\u00e3o de Dados foi sancionada em 2018, garantindo mais seguran\u00e7a e transpar\u00eancia na coleta, armazenamento e compartilhamento de dados pessoais.<\/p>\n<p>\u00c9 uma lei que estabelece regras ao uso de dados pessoais de pessoas f\u00edsicas por entidades p\u00fablicas y privadas, que garante direitos aos titulares dos dados e establece uma regra m\u00ednima para coleta, armazenamento, tratamento e compartilhamento de dados pessoais de pessoas f\u00edsicas.<\/p>\n<p>Como reglas establecidas por la LGPD deben ser observadas por todos los sectores del mercado: bancos, hospitales, comercios, empresas de comercio electr\u00f3nico y tambi\u00e9n el sector p\u00fablico.<\/p>\t\t\t\t\t\t\t\t<\/div>\n\t\t\t\t<\/div>\n\t\t\t\t<div class=\"elementor-element elementor-element-f06630a elementor-widget elementor-widget-heading\" data-id=\"f06630a\" data-element_type=\"widget\" data-e-type=\"widget\" data-widget_type=\"heading.default\">\n\t\t\t\t<div class=\"elementor-widget-container\">\n\t\t\t\t\t<h2 class=\"elementor-heading-title elementor-size-default\">\u00bfQu\u00e9 dicen las personas?<\/h2>\t\t\t\t<\/div>\n\t\t\t\t<\/div>\n\t\t\t\t<div class=\"elementor-element elementor-element-5eed8f1 elementor-widget__width-inherit elementor-widget-mobile__width-inherit elementor-widget elementor-widget-text-editor\" data-id=\"5eed8f1\" data-element_type=\"widget\" data-e-type=\"widget\" data-widget_type=\"text-editor.default\">\n\t\t\t\t<div class=\"elementor-widget-container\">\n\t\t\t\t\t\t\t\t\t<p>S\u00e3o informa\u00e7\u00f5es relativas a una persona viva, identificada o identificada. Tamb\u00e9m constituem dados pessoais o conjunto de informaciones distintas que podem levar \u00e0 identifica\u00e7\u00e3o de uma determinada persona.<\/p>\t\t\t\t\t\t\t\t<\/div>\n\t\t\t\t<\/div>\n\t\t\t\t<div class=\"elementor-element elementor-element-3dfa190 elementor-widget elementor-widget-heading\" data-id=\"3dfa190\" data-element_type=\"widget\" data-e-type=\"widget\" data-widget_type=\"heading.default\">\n\t\t\t\t<div class=\"elementor-widget-container\">\n\t\t\t\t\t<h2 class=\"elementor-heading-title elementor-size-default\">Quais dados coletamos, \u00bfc\u00f3mo o fazemos y c\u00f3mo utilizamos?<\/h2>\t\t\t\t<\/div>\n\t\t\t\t<\/div>\n\t\t\t\t<div class=\"elementor-element elementor-element-142e70f elementor-widget__width-inherit elementor-widget-mobile__width-inherit elementor-widget elementor-widget-text-editor\" data-id=\"142e70f\" data-element_type=\"widget\" data-e-type=\"widget\" data-widget_type=\"text-editor.default\">\n\t\t\t\t<div class=\"elementor-widget-container\">\n\t\t\t\t\t\t\t\t\t<p>Nossa coleta de dados \u00e9 realizada das seguintes maneiras, sendo os dados coletados diferentes em cada uma, y com diferentes objetivos:<\/p>\n<p>Cookies: Dados pueden ser coletados a trav\u00e9s de cookies, con el consentimiento del usuario. Para m\u00e1s informaci\u00f3n consulte nuestra Pol\u00edtica de Cookies a continuaci\u00f3n.<\/p>\n<p>WhatsApp y formularios: Cuando un usuario entra en contacto a trav\u00e9s de mensajes, como correo electr\u00f3nico o formulario de contacto y WhatsApp, coletamos datos con el objetivo de identificar al usuario, as\u00ed como para atender su solicitud. Estos pueden incluir, entre otros, el nombre, el correo electr\u00f3nico, el tel\u00e9fono, la empresa, el env\u00edo y el mensaje. Al\u00e9m destes, coletamos qualquer dado pessoal que seja informado espont\u00e1neamente pelo usu\u00e1rio.<\/p>\t\t\t\t\t\t\t\t<\/div>\n\t\t\t\t<\/div>\n\t\t\t\t<div class=\"elementor-element elementor-element-2130924 elementor-widget elementor-widget-heading\" data-id=\"2130924\" data-element_type=\"widget\" data-e-type=\"widget\" data-widget_type=\"heading.default\">\n\t\t\t\t<div class=\"elementor-widget-container\">\n\t\t\t\t\t<h2 class=\"elementor-heading-title elementor-size-default\">\u00bfC\u00f3mo protegemos os seus dados?<\/h2>\t\t\t\t<\/div>\n\t\t\t\t<\/div>\n\t\t\t\t<div class=\"elementor-element elementor-element-763f189 elementor-widget__width-inherit elementor-widget-mobile__width-inherit elementor-widget elementor-widget-text-editor\" data-id=\"763f189\" data-element_type=\"widget\" data-e-type=\"widget\" data-widget_type=\"text-editor.default\">\n\t\t\t\t<div class=\"elementor-widget-container\">\n\t\t\t\t\t\t\t\t\t<p>Para asegurar que sus informaciones personales est\u00e1n seguras, nos comunicamos como nos dirigen la privacidad y la seguridad de los funcionarios y seguimos estrictamente las medidas de precauci\u00f3n con la relaci\u00f3n de privacidad dentro de la empresa.<\/p>\n<p>N\u00f3s nos empenhamos em proteger as suas Informa\u00e7\u00f5es pessoais, e aquelas confiadas a n\u00f3s, atrav\u00e9s de:<\/p>\n<ul>\n<li>Medidas f\u00edsicas, t\u00e9cnicas y organizativas para reducir los riesgos de muerte;<\/li>\n<li>Mi uso;<\/li>\n<li>Acceso no autorizado;<\/li>\n<li>Divulga\u00e7\u00e3o e altera\u00e7\u00e3o indevida destes dados.<\/li>\n<\/ul>\t\t\t\t\t\t\t\t<\/div>\n\t\t\t\t<\/div>\n\t\t\t\t<div class=\"elementor-element elementor-element-1061fd8 elementor-widget elementor-widget-heading\" data-id=\"1061fd8\" data-element_type=\"widget\" data-e-type=\"widget\" data-widget_type=\"heading.default\">\n\t\t\t\t<div class=\"elementor-widget-container\">\n\t\t\t\t\t<h2 class=\"elementor-heading-title elementor-size-default\">\u00bfCom quem compartilhamos sus datos?<\/h2>\t\t\t\t<\/div>\n\t\t\t\t<\/div>\n\t\t\t\t<div class=\"elementor-element elementor-element-fc68d16 elementor-widget__width-inherit elementor-widget-mobile__width-inherit elementor-widget elementor-widget-text-editor\" data-id=\"fc68d16\" data-element_type=\"widget\" data-e-type=\"widget\" data-widget_type=\"text-editor.default\">\n\t\t\t\t<div class=\"elementor-widget-container\">\n\t\t\t\t\t\t\t\t\t<p>N\u00e3o temos como pr\u00e1tica a divulga\u00e7\u00e3o de informa\u00e7\u00f5es que possam identificar o usu\u00e1rio e jamais compartilhar esses dados pessoais a terceiros. Estos datos son de uso exclusivo interno de la empresa para operar seg\u00fan fines expresados en ning\u00fan art\u00edculo anterior.<\/p>\n<p>Os dados poder\u00e3o ser compartilhados com terceiros apenas nas siguientes situaciones:<\/p>\n<ul>\n<li>Dados transferidos para fines de negocio con proveedores de servicios terceirizados que prestem servi\u00e7os para n\u00f3s, tais como env\u00edo de correos electr\u00f3nicos, propaganda y marketing, seguridad y monitoreo de desempe\u00f1o y procesamiento de datos;<\/li>\n<li>Mediante decisi\u00f3n judicial o solicitud de pelos de los \u00f3rganos de fiscalizaci\u00f3n gubernamentales;<\/li>\n<li>Dados transferidos para \u00f3rganos p\u00fablicos para atender a la legislaci\u00f3n vigente;<\/li>\n<\/ul>\t\t\t\t\t\t\t\t<\/div>\n\t\t\t\t<\/div>\n\t\t\t\t<div class=\"elementor-element elementor-element-5bf472e elementor-widget elementor-widget-heading\" data-id=\"5bf472e\" data-element_type=\"widget\" data-e-type=\"widget\" data-widget_type=\"heading.default\">\n\t\t\t\t<div class=\"elementor-widget-container\">\n\t\t\t\t\t<h2 class=\"elementor-heading-title elementor-size-default\">Seguridad de la informaci\u00f3n<\/h2>\t\t\t\t<\/div>\n\t\t\t\t<\/div>\n\t\t\t\t<div class=\"elementor-element elementor-element-e060614 elementor-widget__width-inherit elementor-widget-mobile__width-inherit elementor-widget elementor-widget-text-editor\" data-id=\"e060614\" data-element_type=\"widget\" data-e-type=\"widget\" data-widget_type=\"text-editor.default\">\n\t\t\t\t<div class=\"elementor-widget-container\">\n\t\t\t\t\t\t\t\t\t<p>Para asegurarnos de que su informaci\u00f3n personal est\u00e9 segura, nos comunicamos como directores de privacidad y seguridad con nuestros funcionarios y seguimos estrictamente las medidas de precauci\u00f3n con la relaci\u00f3n con la privacidad dentro de la empresa.<\/p>\n<p>N\u00f3s nos empenhamos em proteger as suas Informa\u00e7\u00f5es pessoais, e aquelas confiadas a n\u00f3s, atrav\u00e9s de medidas f\u00edsicas, t\u00e9cnicas e organizacionais para reducir los riesgos de muerte, mau uso, acesso n\u00e3o autorizado, divulga\u00e7\u00e3o e altera\u00e7\u00e3o indevida destes dados.<\/p>\t\t\t\t\t\t\t\t<\/div>\n\t\t\t\t<\/div>\n\t\t\t\t<div class=\"elementor-element elementor-element-40c586f elementor-widget elementor-widget-heading\" data-id=\"40c586f\" data-element_type=\"widget\" data-e-type=\"widget\" data-widget_type=\"heading.default\">\n\t\t\t\t<div class=\"elementor-widget-container\">\n\t\t\t\t\t<h2 class=\"elementor-heading-title elementor-size-default\">Quais s\u00e3o seus direitos? (Direitos dos Titulares)<\/h2>\t\t\t\t<\/div>\n\t\t\t\t<\/div>\n\t\t\t\t<div class=\"elementor-element elementor-element-9300da4 elementor-widget__width-inherit elementor-widget-mobile__width-inherit elementor-widget elementor-widget-text-editor\" data-id=\"9300da4\" data-element_type=\"widget\" data-e-type=\"widget\" data-widget_type=\"text-editor.default\">\n\t\t\t\t<div class=\"elementor-widget-container\">\n\t\t\t\t\t\t\t\t\t<p>Os titulares de dados pessoais t\u00eam algunos direitos no que se refieren aos seus dados pessoais e podem exerc\u00ea-los entrando em contacto conosco.<\/p>\n<p><strong>Derechos de los titulares:<\/strong><\/p>\n<ul>\n<li>Confirma\u00e7\u00e3o da exist\u00eancia de tratamento de dados pessoais;<\/li>\n<li>Acesso aos dados pessoais, nos termos da legisla\u00e7\u00e3o aplic\u00e1vel;<\/li>\n<li>Portabilidad de los datos;<\/li>\n<li>Exclus\u00e3o de dados, quando este forem tratados com base no consentimento do Titular ou quando os dados forem desnecess\u00e1rios, externalivos ou tratados em desconformidade com a legisla\u00e7\u00e3o aplic\u00e1vel;<\/li>\n<li>Solicita\u00e7\u00e3o de informa\u00e7\u00f5es sobre uso compartilhado de dados;<\/li>\n<li>Revoga\u00e7\u00e3o do consentimento, quando aplic\u00e1vel.<\/li>\n<li>Por motivos de seguridad, ahora podemos atender a solicitud se tivermos certeza de la identidad del usuario. De esta manera, podremos solicitar datos o informaci\u00f3n adicional para confirmar la identidad y la autenticidad del titular. Estos datos e informaci\u00f3n estar\u00e1n protegidos durante el per\u00edodo de armamento y se eliminar\u00e1n cuando no sean m\u00e1s utilizados.<\/li>\n<\/ul>\t\t\t\t\t\t\t\t<\/div>\n\t\t\t\t<\/div>\n\t\t\t\t<div class=\"elementor-element elementor-element-aaba5be elementor-widget elementor-widget-heading\" data-id=\"aaba5be\" data-element_type=\"widget\" data-e-type=\"widget\" data-widget_type=\"heading.default\">\n\t\t\t\t<div class=\"elementor-widget-container\">\n\t\t\t\t\t<h2 class=\"elementor-heading-title elementor-size-default\">T\u00e9rmino de Tratamiento<\/h2>\t\t\t\t<\/div>\n\t\t\t\t<\/div>\n\t\t\t\t<div class=\"elementor-element elementor-element-a1f6994 elementor-widget__width-inherit elementor-widget-mobile__width-inherit elementor-widget elementor-widget-text-editor\" data-id=\"a1f6994\" data-element_type=\"widget\" data-e-type=\"widget\" data-widget_type=\"text-editor.default\">\n\t\t\t\t<div class=\"elementor-widget-container\">\n\t\t\t\t\t\t\t\t\t<p>Esta Pol\u00edtica de Privacidad se aplica seg\u00fan las circunstancias mencionadas durante todo el per\u00edodo en que armamos a las personas. N\u00f3s armazenamos e mantemos suas informa\u00e7\u00f5es:<\/p>\n<p>(a) pelo tempo exigido por lei;<br \/>(b) at\u00e9 o t\u00e9rmino do tratamento de dados pessoais, conforme mencionado abaixo;<br \/>(c) pelo tempo necesario para preservar o inter\u00e9s leg\u00edtimo.<\/p>\n<p>As\u00ed, trataremos sus datos, por ejemplo, durante las prescripciones aplicadas o en la medida necesaria para el cumplimiento de obligaciones legales o reglamentarias.<\/p>\n<p>El t\u00e9rmino del tratamiento de datos personales ocurrir\u00e1 en los siguientes casos:<br \/>(a) quando a fine para qual o dado pessoal foi coletado for alcan\u00e7ada, e\/ou os dados pessoais coletados deixarem de ser necess\u00e1rios ou pertinentes al alcance de tal fine;<br \/>(b) cuando el Titular solicite la exclusi\u00f3n de sus datos;<br \/>(c) quando houver uma determina\u00e7\u00e3o legal neste sentido.<\/p>\n<p>Nos casos de t\u00e9rmino de tratamiento de dados pessoais, ressalvadas as hip\u00f3teses estabelecidas pela legisla\u00e7\u00e3o aplic\u00e1vel ou pela presente Pol\u00edtica de Privacidade, os dados pessoais ser\u00e3o eliminados.<\/p>\t\t\t\t\t\t\t\t<\/div>\n\t\t\t\t<\/div>\n\t\t\t\t<div class=\"elementor-element elementor-element-6241780 elementor-widget elementor-widget-heading\" data-id=\"6241780\" data-element_type=\"widget\" data-e-type=\"widget\" data-widget_type=\"heading.default\">\n\t\t\t\t<div class=\"elementor-widget-container\">\n\t\t\t\t\t<h2 class=\"elementor-heading-title elementor-size-default\">En caso de d\u00favidas, \u00bfc\u00f3mo puedes fallar?<\/h2>\t\t\t\t<\/div>\n\t\t\t\t<\/div>\n\t\t\t\t<div class=\"elementor-element elementor-element-87b7065 elementor-widget__width-inherit elementor-widget-mobile__width-inherit elementor-widget elementor-widget-text-editor\" data-id=\"87b7065\" data-element_type=\"widget\" data-e-type=\"widget\" data-widget_type=\"text-editor.default\">\n\t\t\t\t<div class=\"elementor-widget-container\">\n\t\t\t\t\t\t\t\t\t<p>Disponibilizamos abaixo os datos de contacto do Encarregado de Dados Pessoais (DPO), sendo este o respons\u00e1vel por atender toda e qualquer solicitud\u00e7\u00e3o por parte dos usu\u00e1rios, o da Autoridade Nacional, que estejam relacionados com dados pessoais.<\/p>\n<p>Para cualquier duda, solicitud o reclamaci\u00f3n referente al tratamiento de dados pessoais, favor de entrar en contacto y solicitar o enviar un correo electr\u00f3nico a nuestro Encarregado de Dados Pessoais.<\/p>\n<p>Si, apesar nuestro compromiso y esfuerzos para proteger nuestros datos, usted tendr\u00e1 que hacer sus derechos de protecci\u00f3n de datos n\u00e3o foram atendidos, solicitamos que entre en contacto con nuestro DPO. Al\u00e9m disso, voc\u00ea tem o direito, en cualquier momento, de registrar uma queixa directamente com a Autoridade Nacional de Prote\u00e7\u00e3o de Dados.<\/p>\t\t\t\t\t\t\t\t<\/div>\n\t\t\t\t<\/div>\n\t\t\t\t<div class=\"elementor-element elementor-element-afdf9a9 elementor-widget elementor-widget-heading\" data-id=\"afdf9a9\" data-element_type=\"widget\" data-e-type=\"widget\" data-widget_type=\"heading.default\">\n\t\t\t\t<div class=\"elementor-widget-container\">\n\t\t\t\t\t<h2 class=\"elementor-heading-title elementor-size-default\">Cambios en la pol\u00edtica de privacidad<\/h2>\t\t\t\t<\/div>\n\t\t\t\t<\/div>\n\t\t\t\t<div class=\"elementor-element elementor-element-f47adc4 elementor-widget__width-inherit elementor-widget-mobile__width-inherit elementor-widget elementor-widget-text-editor\" data-id=\"f47adc4\" data-element_type=\"widget\" data-e-type=\"widget\" data-widget_type=\"text-editor.default\">\n\t\t\t\t<div class=\"elementor-widget-container\">\n\t\t\t\t\t\t\t\t\t<p>Nos reservamos el derecho de actualizar o modificar esta Pol\u00edtica, en cualquier \u00e9poca y sin aviso previo. Sin embargo, publicaremos siempre una nueva versi\u00f3n revisada en nuestro sitio web. En caso de que existan alteraciones en la forma en que tratamos datos personales, se le informar\u00e1 para que pueda verificar que pretenda continuar utilizando nuestros servicios.<\/p>\t\t\t\t\t\t\t\t<\/div>\n\t\t\t\t<\/div>\n\t\t\t\t<div class=\"elementor-element elementor-element-c191f37 elementor-widget elementor-widget-heading\" data-id=\"c191f37\" data-element_type=\"widget\" data-e-type=\"widget\" data-widget_type=\"heading.default\">\n\t\t\t\t<div class=\"elementor-widget-container\">\n\t\t\t\t\t<h2 class=\"elementor-heading-title elementor-size-default\">Pol\u00edtica de cookies<\/h2>\t\t\t\t<\/div>\n\t\t\t\t<\/div>\n\t\t\t\t<div class=\"elementor-element elementor-element-83f6501 elementor-widget__width-inherit elementor-widget-mobile__width-inherit elementor-widget elementor-widget-text-editor\" data-id=\"83f6501\" data-element_type=\"widget\" data-e-type=\"widget\" data-widget_type=\"text-editor.default\">\n\t\t\t\t<div class=\"elementor-widget-container\">\n\t\t\t\t\t\t\t\t\t<p><strong>\u00bfQue son las galletas?<\/strong><\/p>\n<p>S\u00e3o arquivos criados pelos sites que armazenam h\u00e1bitos de navegaci\u00f3n y otras informaciones, ajudando a personalizar su acceso y ter estad\u00edsticas de acceso.<\/p>\n<p>Ejemplo: acceda al sitio y visualice un banner emergente con un aviso importante y haga clic en el bot\u00f3n \u201cN\u00e3o tenho interesse\u201d, al cerrar ese banner o sitio armazena que tendr\u00e1 que visualizar y la pr\u00f3xima vez que entre en el sitio no estar\u00e1 m\u00e1s incomodado con ese aviso.<\/p>\n<p><strong>\u00bfE n\u00e3o \u00e9 peligroso ter minhas informa\u00e7\u00f5es armazenadas?<\/strong><\/p>\n<p>No es peligroso. Todas las informaciones recopiladas en nuestro sitio sirven s\u00f3lo para mejorar su experiencia y estar protegidas por nuestro sistema de seguridad.<\/p>\n<p><strong>\u00bfN\u00e3o gosto de cookies, como fa\u00e7o para desativ\u00e1-los?<\/strong><\/p>\n<p>Es posible desactivar las cookies seg\u00fan las preferencias de su navegador. Sem eles sua navega\u00e7\u00e3o pode se tornar limitada y algunas funcionalidades de dos sitios podem ficar comprometidos.<\/p>\n<p>Vea las definiciones de cookies en cada uno de los dos navegadores:<\/p>\n<ul>\n<li style=\"font-weight: 400;\" aria-level=\"1\"><a href=\"https:\/\/privacy.microsoft.com\/pt-BR\/windows-10-microsoft-edge-and-privacy\"><span style=\"font-weight: 400;\">Internet Explorer<\/span><\/a><span style=\"font-weight: 400;\">;<\/span><\/li>\n<li style=\"font-weight: 400;\" aria-level=\"1\"><a href=\"https:\/\/support.mozilla.org\/pt-BR\/kb\/desative-cookies-no-firefox-parar-rastreamento\"><span style=\"font-weight: 400;\">Firefox<\/span><\/a><span style=\"font-weight: 400;\">;<\/span><\/li>\n<li style=\"font-weight: 400;\" aria-level=\"1\"><a href=\"https:\/\/support.google.com\/accounts\/answer\/61416?hl=pt-BR\"><span style=\"font-weight: 400;\">Google Chrome<\/span><\/a><span style=\"font-weight: 400;\">;<\/span><\/li>\n<li style=\"font-weight: 400;\" aria-level=\"1\"><a href=\"https:\/\/support.apple.com\/pt-br\/guide\/mdm\/mdmf7d5714d4\/1\/web\/1.0\"><span style=\"font-weight: 400;\">Safari<\/span><\/a><span style=\"font-weight: 400;\">;<\/span><\/li>\n<li style=\"font-weight: 400;\" aria-level=\"1\"><a href=\"https:\/\/help.opera.com\/en\/latest\/security-and-privacy\/\"><span style=\"font-weight: 400;\">\u00d3pera<\/span><\/a><span style=\"font-weight: 400;\">.<\/span><\/li>\n<\/ul>\t\t\t\t\t\t\t\t<\/div>\n\t\t\t\t<\/div>\n\t\t\t\t\t<\/div>\n\t\t\t\t<\/div>\n\t\t\t\t<\/div>","protected":false},"excerpt":{"rendered":"<p>Pol\u00edtica de Privacidade A presente Pol\u00edtica de Privacidade visa regular a utiliza\u00e7\u00e3o por voc\u00ea, usu\u00e1rio, de nossos servi\u00e7os pelo site. Atualizamos nossa pol\u00edtica de privacidade de acordo com a nova Lei Geral de Prote\u00e7\u00e3o de Dados (LGPD). Coletamos seus dados para oferecer uma experi\u00eancia personalizada de forma segura. O que \u00e9 a LGPD? A Lei [&hellip;]<\/p>\n","protected":false},"author":1,"featured_media":0,"parent":0,"menu_order":0,"comment_status":"closed","ping_status":"closed","template":"elementor_header_footer","meta":{"_acf_changed":false,"_joinchat":[],"footnotes":""},"class_list":["post-3","page","type-page","status-publish","hentry"],"acf":[],"yoast_head":"<!-- This site is optimized with the Yoast SEO plugin v27.5 - https:\/\/yoast.com\/product\/yoast-seo-wordpress\/ -->\n<title>Pol\u00edticas de privacidade - Panair LLC<\/title>\n<meta name=\"robots\" content=\"index, follow, max-snippet:-1, max-image-preview:large, max-video-preview:-1\" \/>\n<link rel=\"canonical\" href=\"https:\/\/panairllc.com\/es\/politicas-de-privacidade\/\" \/>\n<meta property=\"og:locale\" content=\"es_ES\" \/>\n<meta property=\"og:type\" content=\"article\" \/>\n<meta property=\"og:title\" content=\"Pol\u00edticas de privacidade - Panair LLC\" \/>\n<meta property=\"og:description\" content=\"Pol\u00edtica de Privacidade A presente Pol\u00edtica de Privacidade visa regular a utiliza\u00e7\u00e3o por voc\u00ea, usu\u00e1rio, de nossos servi\u00e7os pelo site. Atualizamos nossa pol\u00edtica de privacidade de acordo com a nova Lei Geral de Prote\u00e7\u00e3o de Dados (LGPD). Coletamos seus dados para oferecer uma experi\u00eancia personalizada de forma segura. O que \u00e9 a LGPD? A Lei [&hellip;]\" \/>\n<meta property=\"og:url\" content=\"https:\/\/panairllc.com\/es\/politicas-de-privacidade\/\" \/>\n<meta property=\"og:site_name\" content=\"Panair LLC\" \/>\n<meta property=\"article:modified_time\" content=\"2024-06-19T17:09:24+00:00\" \/>\n<meta name=\"twitter:card\" content=\"summary_large_image\" \/>\n<meta name=\"twitter:label1\" content=\"Tiempo de lectura\" \/>\n\t<meta name=\"twitter:data1\" content=\"7 minutos\" \/>\n<script type=\"application\/ld+json\" class=\"yoast-schema-graph\">{\"@context\":\"https:\\\/\\\/schema.org\",\"@graph\":[{\"@type\":\"WebPage\",\"@id\":\"https:\\\/\\\/panairllc.com\\\/politicas-de-privacidade\\\/\",\"url\":\"https:\\\/\\\/panairllc.com\\\/politicas-de-privacidade\\\/\",\"name\":\"Pol\u00edticas de privacidade - Panair LLC\",\"isPartOf\":{\"@id\":\"https:\\\/\\\/panairllc.com\\\/#website\"},\"datePublished\":\"2024-05-14T13:08:03+00:00\",\"dateModified\":\"2024-06-19T17:09:24+00:00\",\"breadcrumb\":{\"@id\":\"https:\\\/\\\/panairllc.com\\\/politicas-de-privacidade\\\/#breadcrumb\"},\"inLanguage\":\"es\",\"potentialAction\":[{\"@type\":\"ReadAction\",\"target\":[\"https:\\\/\\\/panairllc.com\\\/politicas-de-privacidade\\\/\"]}]},{\"@type\":\"BreadcrumbList\",\"@id\":\"https:\\\/\\\/panairllc.com\\\/politicas-de-privacidade\\\/#breadcrumb\",\"itemListElement\":[{\"@type\":\"ListItem\",\"position\":1,\"name\":\"In\u00edcio\",\"item\":\"https:\\\/\\\/panairllc.com\\\/\"},{\"@type\":\"ListItem\",\"position\":2,\"name\":\"Pol\u00edticas de privacidade\"}]},{\"@type\":\"WebSite\",\"@id\":\"https:\\\/\\\/panairllc.com\\\/#website\",\"url\":\"https:\\\/\\\/panairllc.com\\\/\",\"name\":\"Panair LLC\",\"description\":\"\",\"publisher\":{\"@id\":\"https:\\\/\\\/panairllc.com\\\/#organization\"},\"potentialAction\":[{\"@type\":\"SearchAction\",\"target\":{\"@type\":\"EntryPoint\",\"urlTemplate\":\"https:\\\/\\\/panairllc.com\\\/?s={search_term_string}\"},\"query-input\":{\"@type\":\"PropertyValueSpecification\",\"valueRequired\":true,\"valueName\":\"search_term_string\"}}],\"inLanguage\":\"es\"},{\"@type\":\"Organization\",\"@id\":\"https:\\\/\\\/panairllc.com\\\/#organization\",\"name\":\"Panair LLC\",\"url\":\"https:\\\/\\\/panairllc.com\\\/\",\"logo\":{\"@type\":\"ImageObject\",\"inLanguage\":\"es\",\"@id\":\"https:\\\/\\\/panairllc.com\\\/#\\\/schema\\\/logo\\\/image\\\/\",\"url\":\"https:\\\/\\\/panairllc.com\\\/wp-content\\\/uploads\\\/2024\\\/08\\\/panairllc_logo.jpeg\",\"contentUrl\":\"https:\\\/\\\/panairllc.com\\\/wp-content\\\/uploads\\\/2024\\\/08\\\/panairllc_logo.jpeg\",\"width\":200,\"height\":200,\"caption\":\"Panair LLC\"},\"image\":{\"@id\":\"https:\\\/\\\/panairllc.com\\\/#\\\/schema\\\/logo\\\/image\\\/\"},\"sameAs\":[\"https:\\\/\\\/www.linkedin.com\\\/company\\\/panairllc\"]}]}<\/script>\n<!-- \/ Yoast SEO plugin. -->","yoast_head_json":{"title":"Pol\u00edticas de privacidade - Panair LLC","robots":{"index":"index","follow":"follow","max-snippet":"max-snippet:-1","max-image-preview":"max-image-preview:large","max-video-preview":"max-video-preview:-1"},"canonical":"https:\/\/panairllc.com\/es\/politicas-de-privacidade\/","og_locale":"es_ES","og_type":"article","og_title":"Pol\u00edticas de privacidade - Panair LLC","og_description":"Pol\u00edtica de Privacidade A presente Pol\u00edtica de Privacidade visa regular a utiliza\u00e7\u00e3o por voc\u00ea, usu\u00e1rio, de nossos servi\u00e7os pelo site. Atualizamos nossa pol\u00edtica de privacidade de acordo com a nova Lei Geral de Prote\u00e7\u00e3o de Dados (LGPD). Coletamos seus dados para oferecer uma experi\u00eancia personalizada de forma segura. O que \u00e9 a LGPD? A Lei [&hellip;]","og_url":"https:\/\/panairllc.com\/es\/politicas-de-privacidade\/","og_site_name":"Panair LLC","article_modified_time":"2024-06-19T17:09:24+00:00","twitter_card":"summary_large_image","twitter_misc":{"Tiempo de lectura":"7 minutos"},"schema":{"@context":"https:\/\/schema.org","@graph":[{"@type":"WebPage","@id":"https:\/\/panairllc.com\/politicas-de-privacidade\/","url":"https:\/\/panairllc.com\/politicas-de-privacidade\/","name":"Pol\u00edticas de privacidade - Panair LLC","isPartOf":{"@id":"https:\/\/panairllc.com\/#website"},"datePublished":"2024-05-14T13:08:03+00:00","dateModified":"2024-06-19T17:09:24+00:00","breadcrumb":{"@id":"https:\/\/panairllc.com\/politicas-de-privacidade\/#breadcrumb"},"inLanguage":"es","potentialAction":[{"@type":"ReadAction","target":["https:\/\/panairllc.com\/politicas-de-privacidade\/"]}]},{"@type":"BreadcrumbList","@id":"https:\/\/panairllc.com\/politicas-de-privacidade\/#breadcrumb","itemListElement":[{"@type":"ListItem","position":1,"name":"In\u00edcio","item":"https:\/\/panairllc.com\/"},{"@type":"ListItem","position":2,"name":"Pol\u00edticas de privacidade"}]},{"@type":"WebSite","@id":"https:\/\/panairllc.com\/#website","url":"https:\/\/panairllc.com\/","name":"Panair LLC","description":"","publisher":{"@id":"https:\/\/panairllc.com\/#organization"},"potentialAction":[{"@type":"SearchAction","target":{"@type":"EntryPoint","urlTemplate":"https:\/\/panairllc.com\/?s={search_term_string}"},"query-input":{"@type":"PropertyValueSpecification","valueRequired":true,"valueName":"search_term_string"}}],"inLanguage":"es"},{"@type":"Organization","@id":"https:\/\/panairllc.com\/#organization","name":"Panair LLC","url":"https:\/\/panairllc.com\/","logo":{"@type":"ImageObject","inLanguage":"es","@id":"https:\/\/panairllc.com\/#\/schema\/logo\/image\/","url":"https:\/\/panairllc.com\/wp-content\/uploads\/2024\/08\/panairllc_logo.jpeg","contentUrl":"https:\/\/panairllc.com\/wp-content\/uploads\/2024\/08\/panairllc_logo.jpeg","width":200,"height":200,"caption":"Panair LLC"},"image":{"@id":"https:\/\/panairllc.com\/#\/schema\/logo\/image\/"},"sameAs":["https:\/\/www.linkedin.com\/company\/panairllc"]}]}},"_links":{"self":[{"href":"https:\/\/panairllc.com\/es\/wp-json\/wp\/v2\/pages\/3","targetHints":{"allow":["GET"]}}],"collection":[{"href":"https:\/\/panairllc.com\/es\/wp-json\/wp\/v2\/pages"}],"about":[{"href":"https:\/\/panairllc.com\/es\/wp-json\/wp\/v2\/types\/page"}],"author":[{"embeddable":true,"href":"https:\/\/panairllc.com\/es\/wp-json\/wp\/v2\/users\/1"}],"replies":[{"embeddable":true,"href":"https:\/\/panairllc.com\/es\/wp-json\/wp\/v2\/comments?post=3"}],"version-history":[{"count":8,"href":"https:\/\/panairllc.com\/es\/wp-json\/wp\/v2\/pages\/3\/revisions"}],"predecessor-version":[{"id":653,"href":"https:\/\/panairllc.com\/es\/wp-json\/wp\/v2\/pages\/3\/revisions\/653"}],"wp:attachment":[{"href":"https:\/\/panairllc.com\/es\/wp-json\/wp\/v2\/media?parent=3"}],"curies":[{"name":"wp","href":"https:\/\/api.w.org\/{rel}","templated":true}]}}