{"id":3,"date":"2024-05-14T13:08:03","date_gmt":"2024-05-14T13:08:03","guid":{"rendered":"https:\/\/panairllc.com\/?page_id=3"},"modified":"2024-06-19T17:09:24","modified_gmt":"2024-06-19T17:09:24","slug":"politicas-de-privacidade","status":"publish","type":"page","link":"https:\/\/panairllc.com\/pt\/politicas-de-privacidade\/","title":{"rendered":"Pol\u00edticas de privacidade"},"content":{"rendered":"<div data-elementor-type=\"wp-page\" data-elementor-id=\"3\" class=\"elementor elementor-3\" data-elementor-post-type=\"page\">\n\t\t\t\t<div class=\"elementor-element elementor-element-1149b14 e-flex e-con-boxed e-con e-parent\" data-id=\"1149b14\" data-element_type=\"container\" data-e-type=\"container\" data-settings=\"{&quot;background_background&quot;:&quot;classic&quot;}\">\n\t\t\t\t\t<div class=\"e-con-inner\">\n\t\t\t\t<div class=\"elementor-element elementor-element-1b221e0 elementor-widget__width-initial elementor-widget-mobile__width-inherit elementor-widget elementor-widget-heading\" data-id=\"1b221e0\" data-element_type=\"widget\" data-e-type=\"widget\" data-widget_type=\"heading.default\">\n\t\t\t\t<div class=\"elementor-widget-container\">\n\t\t\t\t\t<h1 class=\"elementor-heading-title elementor-size-default\">Pol\u00edtica de Privacidade<\/h1>\t\t\t\t<\/div>\n\t\t\t\t<\/div>\n\t\t\t\t<div class=\"elementor-element elementor-element-24c6085 elementor-widget__width-inherit elementor-widget-mobile__width-inherit elementor-widget elementor-widget-text-editor\" data-id=\"24c6085\" data-element_type=\"widget\" data-e-type=\"widget\" data-widget_type=\"text-editor.default\">\n\t\t\t\t<div class=\"elementor-widget-container\">\n\t\t\t\t\t\t\t\t\t<p>A presente Pol\u00edtica de Privacidade \u00e9 regularmente utilizada por voc\u00ea, usu\u00e1rio, de nossos servi\u00e7os pelo site.<\/p>\n<p>Atualizamos nossa pol\u00edtica de privacidade de acordo com a nova Lei Geral de Prote\u00e7\u00e3o de Dados (LGPD). Coletamos seus dados para oferecer uma experi\u00eancia personalizada de forma segura.<\/p>\t\t\t\t\t\t\t\t<\/div>\n\t\t\t\t<\/div>\n\t\t\t\t\t<\/div>\n\t\t\t\t<\/div>\n\t\t<div class=\"elementor-element elementor-element-3822610 e-flex e-con-boxed e-con e-parent\" data-id=\"3822610\" data-element_type=\"container\" data-e-type=\"container\" data-settings=\"{&quot;background_background&quot;:&quot;classic&quot;}\">\n\t\t\t\t\t<div class=\"e-con-inner\">\n\t\t\t\t<div class=\"elementor-element elementor-element-08a6605 elementor-widget elementor-widget-heading\" data-id=\"08a6605\" data-element_type=\"widget\" data-e-type=\"widget\" data-widget_type=\"heading.default\">\n\t\t\t\t<div class=\"elementor-widget-container\">\n\t\t\t\t\t<h2 class=\"elementor-heading-title elementor-size-default\">O que \u00e9 a LGPD?<\/h2>\t\t\t\t<\/div>\n\t\t\t\t<\/div>\n\t\t\t\t<div class=\"elementor-element elementor-element-bd2aaa1 elementor-widget__width-inherit elementor-widget-mobile__width-inherit elementor-widget elementor-widget-text-editor\" data-id=\"bd2aaa1\" data-element_type=\"widget\" data-e-type=\"widget\" data-widget_type=\"text-editor.default\">\n\t\t\t\t<div class=\"elementor-widget-container\">\n\t\t\t\t\t\t\t\t\t<p>A Lei Geral de Prote\u00e7\u00e3o de Dados foi sancionada em 2018, garantindo mais seguran\u00e7a e transpar\u00eancia na coleta, armazenamento e compartilhamento de dados pessoais.<\/p>\n<p>\u00c9 uma lei que estabelece regras ao uso de dados pessoais de pessoas f\u00edsicas por entidades p\u00fablicas e privadas, que garante direitos aos titulares dos dados e estabelece uma regra m\u00ednima para coleta, armazenamento, tratamento e compartilhamento de dados pessoais de pessoas f\u00edsicas.<\/p>\n<p>As regras previstas pela LGPD devem ser observadas por todos os setores do mercado: bancos, hospitais, com\u00e9rcios, empresas de com\u00e9rcio eletr\u00f4nico e tamb\u00e9m o setor p\u00fablico.<\/p>\t\t\t\t\t\t\t\t<\/div>\n\t\t\t\t<\/div>\n\t\t\t\t<div class=\"elementor-element elementor-element-f06630a elementor-widget elementor-widget-heading\" data-id=\"f06630a\" data-element_type=\"widget\" data-e-type=\"widget\" data-widget_type=\"heading.default\">\n\t\t\t\t<div class=\"elementor-widget-container\">\n\t\t\t\t\t<h2 class=\"elementor-heading-title elementor-size-default\">O que s\u00e3o dados pessoais?<\/h2>\t\t\t\t<\/div>\n\t\t\t\t<\/div>\n\t\t\t\t<div class=\"elementor-element elementor-element-5eed8f1 elementor-widget__width-inherit elementor-widget-mobile__width-inherit elementor-widget elementor-widget-text-editor\" data-id=\"5eed8f1\" data-element_type=\"widget\" data-e-type=\"widget\" data-widget_type=\"text-editor.default\">\n\t\t\t\t<div class=\"elementor-widget-container\">\n\t\t\t\t\t\t\t\t\t<p>S\u00e3o informa\u00e7\u00f5es relativas a uma pessoa viva, identificada ou identific\u00e1vel. Tamb\u00e9m s\u00e3o fornecidos dados pessoais ou um conjunto de informa\u00e7\u00f5es espec\u00edficas que podem levar \u00e0 identifica\u00e7\u00e3o de uma determinada pessoa.<\/p>\t\t\t\t\t\t\t\t<\/div>\n\t\t\t\t<\/div>\n\t\t\t\t<div class=\"elementor-element elementor-element-3dfa190 elementor-widget elementor-widget-heading\" data-id=\"3dfa190\" data-element_type=\"widget\" data-e-type=\"widget\" data-widget_type=\"heading.default\">\n\t\t\t\t<div class=\"elementor-widget-container\">\n\t\t\t\t\t<h2 class=\"elementor-heading-title elementor-size-default\">Quais dados coletamos, como o fazemos e como utilizamos?<\/h2>\t\t\t\t<\/div>\n\t\t\t\t<\/div>\n\t\t\t\t<div class=\"elementor-element elementor-element-142e70f elementor-widget__width-inherit elementor-widget-mobile__width-inherit elementor-widget elementor-widget-text-editor\" data-id=\"142e70f\" data-element_type=\"widget\" data-e-type=\"widget\" data-widget_type=\"text-editor.default\">\n\t\t\t\t<div class=\"elementor-widget-container\">\n\t\t\t\t\t\t\t\t\t<p>Nossa coleta de dados \u00e9 realizada das seguintes maneiras, sendo os dados coletados diferentes em cada uma, e com diferentes objetivos:<\/p>\n<p>Cookies: Os dados podem ser coletados atrav\u00e9s de cookies, com consentimento do usu\u00e1rio. Para mais informa\u00e7\u00f5es consulte nossa Pol\u00edtica de Cookies abaixo.<\/p>\n<p>WhatsApp e Formul\u00e1rios: Quando um usu\u00e1rio entra em contato atrav\u00e9s de mensagens, como e-mail pelo formul\u00e1rio de contato e WhatsApp, coletamos dados com o objetivo de identificar o usu\u00e1rio, bem como para atender sua solicita\u00e7\u00e3o. Esses podem incluir, dentre outros, o Nome, e-mail, telefone, empresa, endere\u00e7o e mensagem. Al\u00e9m disso, coletamos quaisquer dados pessoais que sejam informados espontaneamente pelo usu\u00e1rio.<\/p>\t\t\t\t\t\t\t\t<\/div>\n\t\t\t\t<\/div>\n\t\t\t\t<div class=\"elementor-element elementor-element-2130924 elementor-widget elementor-widget-heading\" data-id=\"2130924\" data-element_type=\"widget\" data-e-type=\"widget\" data-widget_type=\"heading.default\">\n\t\t\t\t<div class=\"elementor-widget-container\">\n\t\t\t\t\t<h2 class=\"elementor-heading-title elementor-size-default\">Como protegemos seus dados?<\/h2>\t\t\t\t<\/div>\n\t\t\t\t<\/div>\n\t\t\t\t<div class=\"elementor-element elementor-element-763f189 elementor-widget__width-inherit elementor-widget-mobile__width-inherit elementor-widget elementor-widget-text-editor\" data-id=\"763f189\" data-element_type=\"widget\" data-e-type=\"widget\" data-widget_type=\"text-editor.default\">\n\t\t\t\t<div class=\"elementor-widget-container\">\n\t\t\t\t\t\t\t\t\t<p>Para garantir que suas informa\u00e7\u00f5es pessoais sejam seguras, comunicamos nossas diretrizes de privacidade e seguran\u00e7a aos funcion\u00e1rios e seguimos as medidas de precau\u00e7\u00e3o com rela\u00e7\u00e3o \u00e0 privacidade dentro da empresa.<\/p>\n<p>N\u00f3s nos comprometemos a proteger suas informa\u00e7\u00f5es pessoais, e aquelas confiadas a n\u00f3s, atrav\u00e9s de:<\/p>\n<ul>\n<li>Medidas f\u00edsicas, t\u00e9cnicas e organizacionais para reduzir os riscos de perda;<\/li>\n<li>M\u00e1 utiliza\u00e7\u00e3o;<\/li>\n<li>Acesso n\u00e3o autorizado;<\/li>\n<li>Divulga\u00e7\u00e3o e altera\u00e7\u00e3o indevida destes dados.<\/li>\n<\/ul>\t\t\t\t\t\t\t\t<\/div>\n\t\t\t\t<\/div>\n\t\t\t\t<div class=\"elementor-element elementor-element-1061fd8 elementor-widget elementor-widget-heading\" data-id=\"1061fd8\" data-element_type=\"widget\" data-e-type=\"widget\" data-widget_type=\"heading.default\">\n\t\t\t\t<div class=\"elementor-widget-container\">\n\t\t\t\t\t<h2 class=\"elementor-heading-title elementor-size-default\">Como quem compartilha seus dados?<\/h2>\t\t\t\t<\/div>\n\t\t\t\t<\/div>\n\t\t\t\t<div class=\"elementor-element elementor-element-fc68d16 elementor-widget__width-inherit elementor-widget-mobile__width-inherit elementor-widget elementor-widget-text-editor\" data-id=\"fc68d16\" data-element_type=\"widget\" data-e-type=\"widget\" data-widget_type=\"text-editor.default\">\n\t\t\t\t<div class=\"elementor-widget-container\">\n\t\t\t\t\t\t\t\t\t<p>N\u00e3o temos como pr\u00e1tica a divulga\u00e7\u00e3o de informa\u00e7\u00f5es que possam identificar o usu\u00e1rio e jamais compartilhar esses dados pessoais com terceiros. Estes dados s\u00e3o de uso exclusivo interno da empresa para atingir as especificidades expressas no item anterior.<\/p>\n<p>Os dados poder\u00e3o ser compartilhados com terceiros apenas nas seguintes situa\u00e7\u00f5es:<\/p>\n<ul>\n<li>Dados transferidos para fins de neg\u00f3cio com provedores de servi\u00e7os terceirizados que prestam servi\u00e7os para n\u00f3s, tais como envio de e-mails, propaganda e marketing, seguran\u00e7a e monitoramento de desempenho e processamento de dados;<\/li>\n<li>Mediante decis\u00e3o judicial ou solicita\u00e7\u00e3o dos \u00f3rg\u00e3os de fiscaliza\u00e7\u00e3o governamental;<\/li>\n<li>Dados transferidos para \u00f3rg\u00e3os p\u00fablicos para atender a legisla\u00e7\u00e3o vigente;<\/li>\n<\/ul>\t\t\t\t\t\t\t\t<\/div>\n\t\t\t\t<\/div>\n\t\t\t\t<div class=\"elementor-element elementor-element-5bf472e elementor-widget elementor-widget-heading\" data-id=\"5bf472e\" data-element_type=\"widget\" data-e-type=\"widget\" data-widget_type=\"heading.default\">\n\t\t\t\t<div class=\"elementor-widget-container\">\n\t\t\t\t\t<h2 class=\"elementor-heading-title elementor-size-default\">Seguran\u00e7a da Informa\u00e7\u00e3o<\/h2>\t\t\t\t<\/div>\n\t\t\t\t<\/div>\n\t\t\t\t<div class=\"elementor-element elementor-element-e060614 elementor-widget__width-inherit elementor-widget-mobile__width-inherit elementor-widget elementor-widget-text-editor\" data-id=\"e060614\" data-element_type=\"widget\" data-e-type=\"widget\" data-widget_type=\"text-editor.default\">\n\t\t\t\t<div class=\"elementor-widget-container\">\n\t\t\t\t\t\t\t\t\t<p>Para garantir que suas informa\u00e7\u00f5es pessoais sejam seguras, comunicamos nossas diretrizes de privacidade e seguran\u00e7a aos nossos funcion\u00e1rios e seguimos as medidas de precau\u00e7\u00e3o com rela\u00e7\u00e3o \u00e0 privacidade dentro da empresa.<\/p>\n<p>N\u00f3s nos comprometemos a proteger suas informa\u00e7\u00f5es pessoais, e aquelas confiadas a n\u00f3s, atrav\u00e9s de medidas f\u00edsicas, t\u00e9cnicas e organizacionais para reduzir os riscos de perda, mau uso, acesso n\u00e3o autorizado, divulga\u00e7\u00e3o e altera\u00e7\u00e3o indevida de dados.<\/p>\t\t\t\t\t\t\t\t<\/div>\n\t\t\t\t<\/div>\n\t\t\t\t<div class=\"elementor-element elementor-element-40c586f elementor-widget elementor-widget-heading\" data-id=\"40c586f\" data-element_type=\"widget\" data-e-type=\"widget\" data-widget_type=\"heading.default\">\n\t\t\t\t<div class=\"elementor-widget-container\">\n\t\t\t\t\t<h2 class=\"elementor-heading-title elementor-size-default\">Quais s\u00e3o seus direitos? (Direitos dos Titulares)<\/h2>\t\t\t\t<\/div>\n\t\t\t\t<\/div>\n\t\t\t\t<div class=\"elementor-element elementor-element-9300da4 elementor-widget__width-inherit elementor-widget-mobile__width-inherit elementor-widget elementor-widget-text-editor\" data-id=\"9300da4\" data-element_type=\"widget\" data-e-type=\"widget\" data-widget_type=\"text-editor.default\">\n\t\t\t\t<div class=\"elementor-widget-container\">\n\t\t\t\t\t\t\t\t\t<p>Os titulares de dados pessoais t\u00eam alguns direitos que n\u00e3o se referem aos seus dados pessoais e podem exerc\u00ea-los entrando em contato conosco.<\/p>\n<p><strong>S\u00e3o direitos dos titulares:<\/strong><\/p>\n<ul>\n<li>Confirma\u00e7\u00e3o da exist\u00eancia de tratamento de dados pessoais;<\/li>\n<li>Acesso aos dados pessoais, nos termos da legisla\u00e7\u00e3o aplic\u00e1vel;<\/li>\n<li>Portabilidade dos dados;<\/li>\n<li>Exclus\u00e3o de dados, quando estes forem tratados com base no consentimento do Titular ou quando os dados forem desnecess\u00e1rios, excessivos ou tratados em desconformidade com a legisla\u00e7\u00e3o aplic\u00e1vel;<\/li>\n<li>Solicita\u00e7\u00e3o de informa\u00e7\u00f5es sobre uso compartilhado de dados;<\/li>\n<li>Revoga\u00e7\u00e3o da assinatura, quando aplic\u00e1vel.<\/li>\n<li>Por motivos de seguran\u00e7a, somente poderemos atender \u00e0 solicita\u00e7\u00e3o se tivermos certeza da identidade do usu\u00e1rio. Sendo assim, podemos solicitar dados ou informa\u00e7\u00f5es adicionais para a confirma\u00e7\u00e3o da identidade e das altera\u00e7\u00f5es do Titular. Estes dados e informa\u00e7\u00f5es ser\u00e3o protegidos durante o per\u00edodo de armazenamento e ser\u00e3o exclu\u00eddos quando n\u00e3o forem mais \u00fateis.<\/li>\n<\/ul>\t\t\t\t\t\t\t\t<\/div>\n\t\t\t\t<\/div>\n\t\t\t\t<div class=\"elementor-element elementor-element-aaba5be elementor-widget elementor-widget-heading\" data-id=\"aaba5be\" data-element_type=\"widget\" data-e-type=\"widget\" data-widget_type=\"heading.default\">\n\t\t\t\t<div class=\"elementor-widget-container\">\n\t\t\t\t\t<h2 class=\"elementor-heading-title elementor-size-default\">Termo de Tratamento<\/h2>\t\t\t\t<\/div>\n\t\t\t\t<\/div>\n\t\t\t\t<div class=\"elementor-element elementor-element-a1f6994 elementor-widget__width-inherit elementor-widget-mobile__width-inherit elementor-widget elementor-widget-text-editor\" data-id=\"a1f6994\" data-element_type=\"widget\" data-e-type=\"widget\" data-widget_type=\"text-editor.default\">\n\t\t\t\t<div class=\"elementor-widget-container\">\n\t\t\t\t\t\t\t\t\t<p>Esta Pol\u00edtica de Privacidade aplica-se \u00e0s situa\u00e7\u00f5es acima mencionadas durante todo o per\u00edodo em que armazenamos os dados pessoais. N\u00f3s armazenamos e mantemos suas informa\u00e7\u00f5es:<\/p>\n<p>(a) pelo tempo exigido por lei;<br \/>(b) at\u00e9 o t\u00e9rmino do tratamento de dados pessoais, conforme refer\u00eancia abaixo;<br \/>(c) pelo tempo necess\u00e1rio para preservar o interesse leg\u00edtimo.<\/p>\n<p>Assim, trataremos os seus dados, por exemplo, durante os prazos prescricionais aplic\u00e1veis ou enquanto necess\u00e1rio para cumprimento de obriga\u00e7\u00f5es legais ou regulamentares.<\/p>\n<p>O t\u00e9rmino do tratamento de dados pessoais ocorrer\u00e1 nos seguintes casos:<br \/>(a) quando especificamente para qual dado pessoal foi coletado para ser obtido, e\/ou os dados pessoais coletados ser\u00e3o deixados de ser necess\u00e1rios ou pertinentes ao escopo de tal especificamente;<br \/>(b) quando o Titular solicitar a exclus\u00e3o de seus dados;<br \/>(c) quando houver uma determina\u00e7\u00e3o legal neste sentido.<\/p>\n<p>Nos casos de t\u00e9rmino de tratamento de dados pessoais, ressalvadas as hip\u00f3teses aplic\u00e1veis pela legisla\u00e7\u00e3o aplic\u00e1vel ou pela presente Pol\u00edtica de Privacidade, os dados pessoais ser\u00e3o exclu\u00eddos.<\/p>\t\t\t\t\t\t\t\t<\/div>\n\t\t\t\t<\/div>\n\t\t\t\t<div class=\"elementor-element elementor-element-6241780 elementor-widget elementor-widget-heading\" data-id=\"6241780\" data-element_type=\"widget\" data-e-type=\"widget\" data-widget_type=\"heading.default\">\n\t\t\t\t<div class=\"elementor-widget-container\">\n\t\t\t\t\t<h2 class=\"elementor-heading-title elementor-size-default\">Em caso de d\u00favidas, com quem voc\u00ea pode falar?<\/h2>\t\t\t\t<\/div>\n\t\t\t\t<\/div>\n\t\t\t\t<div class=\"elementor-element elementor-element-87b7065 elementor-widget__width-inherit elementor-widget-mobile__width-inherit elementor-widget elementor-widget-text-editor\" data-id=\"87b7065\" data-element_type=\"widget\" data-e-type=\"widget\" data-widget_type=\"text-editor.default\">\n\t\t\t\t<div class=\"elementor-widget-container\">\n\t\t\t\t\t\t\t\t\t<p>Disponibilizamos abaixo os dados de contato do Encarregado de Dados Pessoais (DPO), sendo este o respons\u00e1vel por atender a toda e qualquer solicita\u00e7\u00e3o por parte dos usu\u00e1rios, ou da Autoridade Nacional, que estejam relacionados com dados pessoais.<\/p>\n<p>Para qualquer d\u00favida, solicita\u00e7\u00e3o ou pedido referente ao tratamento de dados pessoais, favor entrar em contato e solicitar o e-mail do nosso Encarregado de Dados Pessoais.<\/p>\n<p>Se, apesar de nosso compromisso e esfor\u00e7os para proteger seus dados, voc\u00ea achar que seus direitos de prote\u00e7\u00e3o de dados n\u00e3o foram atendidos, solicitamos que entre em contato com nosso DPO. Al\u00e9m disso, voc\u00ea tem o direito, a qualquer momento, de registrar uma reclama\u00e7\u00e3o diretamente \u00e0 Autoridade Nacional de Prote\u00e7\u00e3o de Dados.<\/p>\t\t\t\t\t\t\t\t<\/div>\n\t\t\t\t<\/div>\n\t\t\t\t<div class=\"elementor-element elementor-element-afdf9a9 elementor-widget elementor-widget-heading\" data-id=\"afdf9a9\" data-element_type=\"widget\" data-e-type=\"widget\" data-widget_type=\"heading.default\">\n\t\t\t\t<div class=\"elementor-widget-container\">\n\t\t\t\t\t<h2 class=\"elementor-heading-title elementor-size-default\">Mudan\u00e7as na Pol\u00edtica de Privacidade<\/h2>\t\t\t\t<\/div>\n\t\t\t\t<\/div>\n\t\t\t\t<div class=\"elementor-element elementor-element-f47adc4 elementor-widget__width-inherit elementor-widget-mobile__width-inherit elementor-widget elementor-widget-text-editor\" data-id=\"f47adc4\" data-element_type=\"widget\" data-e-type=\"widget\" data-widget_type=\"text-editor.default\">\n\t\t\t\t<div class=\"elementor-widget-container\">\n\t\t\t\t\t\t\t\t\t<p>Nos reservamos o direito de atualizar ou modificar esta Pol\u00edtica, em qualquer \u00e9poca e sem aviso pr\u00e9vio. No entanto, publicaremos sempre a nova vers\u00e3o revisada em nosso site. Caso existam altera\u00e7\u00f5es na forma em que tratamos dados pessoais, voc\u00ea ser\u00e1 informado para que possa verificar se pretende continuar utilizando nossos servi\u00e7os.<\/p>\t\t\t\t\t\t\t\t<\/div>\n\t\t\t\t<\/div>\n\t\t\t\t<div class=\"elementor-element elementor-element-c191f37 elementor-widget elementor-widget-heading\" data-id=\"c191f37\" data-element_type=\"widget\" data-e-type=\"widget\" data-widget_type=\"heading.default\">\n\t\t\t\t<div class=\"elementor-widget-container\">\n\t\t\t\t\t<h2 class=\"elementor-heading-title elementor-size-default\">Pol\u00edtica de Cookies<\/h2>\t\t\t\t<\/div>\n\t\t\t\t<\/div>\n\t\t\t\t<div class=\"elementor-element elementor-element-83f6501 elementor-widget__width-inherit elementor-widget-mobile__width-inherit elementor-widget elementor-widget-text-editor\" data-id=\"83f6501\" data-element_type=\"widget\" data-e-type=\"widget\" data-widget_type=\"text-editor.default\">\n\t\t\t\t<div class=\"elementor-widget-container\">\n\t\t\t\t\t\t\t\t\t<p><strong>O que s\u00e3o cookies?<\/strong><\/p>\n<p>S\u00e3o arquivos criados por sites que armazenam h\u00e1bitos de navega\u00e7\u00e3o e outras informa\u00e7\u00f5es, ajudando a personalizar seu acesso e ter estat\u00edsticas de acesso.<\/p>\n<p>Exemplo: voc\u00ea acessou o site e visualizou um banner popup com um aviso importante e clicou no bot\u00e3o \u201cN\u00e3o tenho interesse\u201d, ao fechar aquele banner o site armazena que voc\u00ea j\u00e1 visualizou e da pr\u00f3xima vez que entrar no site voc\u00ea n\u00e3o \u00e9 mais incomodado com aquele aviso.<\/p>\n<p><strong>E n\u00e3o \u00e9 perigoso ter minhas informa\u00e7\u00f5es armazenadas?<\/strong><\/p>\n<p>N\u00e3o \u00e9 perigoso. Todas as suas informa\u00e7\u00f5es coletadas em nosso site servem apenas para melhorar sua experi\u00eancia e s\u00e3o protegidas por nosso sistema de seguran\u00e7a.<\/p>\n<p><strong>N\u00e3o gosto de cookies, como fa\u00e7o para desativ\u00e1-los?<\/strong><\/p>\n<p>\u00c9 poss\u00edvel desativar os cookies de acordo com as prefer\u00eancias do seu navegador. Sem eles sua navega\u00e7\u00e3o pode se tornar limitada e algumas funcionalidades dos sites podem ficar comprometidas.<\/p>\n<p>Veja as defini\u00e7\u00f5es sobre cookies em cada um dos navegadores:<\/p>\n<ul>\n<li style=\"font-weight: 400;\" aria-level=\"1\"><a href=\"https:\/\/privacy.microsoft.com\/pt-BR\/windows-10-microsoft-edge-and-privacy\"><span style=\"font-weight: 400;\">Internet Explorer<\/span><\/a><span style=\"font-weight: 400;\">;<\/span><\/li>\n<li style=\"font-weight: 400;\" aria-level=\"1\"><a href=\"https:\/\/support.mozilla.org\/pt-BR\/kb\/desative-cookies-no-firefox-parar-rastreamento\"><span style=\"font-weight: 400;\">Raposa de fogo<\/span><\/a><span style=\"font-weight: 400;\">;<\/span><\/li>\n<li style=\"font-weight: 400;\" aria-level=\"1\"><a href=\"https:\/\/support.google.com\/accounts\/answer\/61416?hl=pt-BR\"><span style=\"font-weight: 400;\">Google Chrome<\/span><\/a><span style=\"font-weight: 400;\">;<\/span><\/li>\n<li style=\"font-weight: 400;\" aria-level=\"1\"><a href=\"https:\/\/support.apple.com\/pt-br\/guide\/mdm\/mdmf7d5714d4\/1\/web\/1.0\"><span style=\"font-weight: 400;\">Saf\u00e1ri<\/span><\/a><span style=\"font-weight: 400;\">;<\/span><\/li>\n<li style=\"font-weight: 400;\" aria-level=\"1\"><a href=\"https:\/\/help.opera.com\/en\/latest\/security-and-privacy\/\"><span style=\"font-weight: 400;\">\u00d3pera<\/span><\/a><span style=\"font-weight: 400;\">.<\/span><\/li>\n<\/ul>\t\t\t\t\t\t\t\t<\/div>\n\t\t\t\t<\/div>\n\t\t\t\t\t<\/div>\n\t\t\t\t<\/div>\n\t\t\t\t<\/div>","protected":false},"excerpt":{"rendered":"<p>Pol\u00edtica de Privacidade A presente Pol\u00edtica de Privacidade visa regular a utiliza\u00e7\u00e3o por voc\u00ea, usu\u00e1rio, de nossos servi\u00e7os pelo site. Atualizamos nossa pol\u00edtica de privacidade de acordo com a nova Lei Geral de Prote\u00e7\u00e3o de Dados (LGPD). Coletamos seus dados para oferecer uma experi\u00eancia personalizada de forma segura. O que \u00e9 a LGPD? A Lei [&hellip;]<\/p>\n","protected":false},"author":1,"featured_media":0,"parent":0,"menu_order":0,"comment_status":"closed","ping_status":"closed","template":"elementor_header_footer","meta":{"_acf_changed":false,"_joinchat":[],"footnotes":""},"class_list":["post-3","page","type-page","status-publish","hentry"],"acf":[],"yoast_head":"<!-- This site is optimized with the Yoast SEO plugin v27.5 - https:\/\/yoast.com\/product\/yoast-seo-wordpress\/ -->\n<title>Pol\u00edticas de privacidade - Panair LLC<\/title>\n<meta name=\"robots\" content=\"index, follow, max-snippet:-1, max-image-preview:large, max-video-preview:-1\" \/>\n<link rel=\"canonical\" href=\"https:\/\/panairllc.com\/pt\/politicas-de-privacidade\/\" \/>\n<meta property=\"og:locale\" content=\"pt_BR\" \/>\n<meta property=\"og:type\" content=\"article\" \/>\n<meta property=\"og:title\" content=\"Pol\u00edticas de privacidade - Panair LLC\" \/>\n<meta property=\"og:description\" content=\"Pol\u00edtica de Privacidade A presente Pol\u00edtica de Privacidade visa regular a utiliza\u00e7\u00e3o por voc\u00ea, usu\u00e1rio, de nossos servi\u00e7os pelo site. Atualizamos nossa pol\u00edtica de privacidade de acordo com a nova Lei Geral de Prote\u00e7\u00e3o de Dados (LGPD). Coletamos seus dados para oferecer uma experi\u00eancia personalizada de forma segura. O que \u00e9 a LGPD? A Lei [&hellip;]\" \/>\n<meta property=\"og:url\" content=\"https:\/\/panairllc.com\/pt\/politicas-de-privacidade\/\" \/>\n<meta property=\"og:site_name\" content=\"Panair LLC\" \/>\n<meta property=\"article:modified_time\" content=\"2024-06-19T17:09:24+00:00\" \/>\n<meta name=\"twitter:card\" content=\"summary_large_image\" \/>\n<meta name=\"twitter:label1\" content=\"Est. tempo de leitura\" \/>\n\t<meta name=\"twitter:data1\" content=\"7 minutos\" \/>\n<script type=\"application\/ld+json\" class=\"yoast-schema-graph\">{\"@context\":\"https:\\\/\\\/schema.org\",\"@graph\":[{\"@type\":\"WebPage\",\"@id\":\"https:\\\/\\\/panairllc.com\\\/politicas-de-privacidade\\\/\",\"url\":\"https:\\\/\\\/panairllc.com\\\/politicas-de-privacidade\\\/\",\"name\":\"Pol\u00edticas de privacidade - Panair LLC\",\"isPartOf\":{\"@id\":\"https:\\\/\\\/panairllc.com\\\/#website\"},\"datePublished\":\"2024-05-14T13:08:03+00:00\",\"dateModified\":\"2024-06-19T17:09:24+00:00\",\"breadcrumb\":{\"@id\":\"https:\\\/\\\/panairllc.com\\\/politicas-de-privacidade\\\/#breadcrumb\"},\"inLanguage\":\"pt-BR\",\"potentialAction\":[{\"@type\":\"ReadAction\",\"target\":[\"https:\\\/\\\/panairllc.com\\\/politicas-de-privacidade\\\/\"]}]},{\"@type\":\"BreadcrumbList\",\"@id\":\"https:\\\/\\\/panairllc.com\\\/politicas-de-privacidade\\\/#breadcrumb\",\"itemListElement\":[{\"@type\":\"ListItem\",\"position\":1,\"name\":\"In\u00edcio\",\"item\":\"https:\\\/\\\/panairllc.com\\\/\"},{\"@type\":\"ListItem\",\"position\":2,\"name\":\"Pol\u00edticas de privacidade\"}]},{\"@type\":\"WebSite\",\"@id\":\"https:\\\/\\\/panairllc.com\\\/#website\",\"url\":\"https:\\\/\\\/panairllc.com\\\/\",\"name\":\"Panair LLC\",\"description\":\"\",\"publisher\":{\"@id\":\"https:\\\/\\\/panairllc.com\\\/#organization\"},\"potentialAction\":[{\"@type\":\"SearchAction\",\"target\":{\"@type\":\"EntryPoint\",\"urlTemplate\":\"https:\\\/\\\/panairllc.com\\\/?s={search_term_string}\"},\"query-input\":{\"@type\":\"PropertyValueSpecification\",\"valueRequired\":true,\"valueName\":\"search_term_string\"}}],\"inLanguage\":\"pt-BR\"},{\"@type\":\"Organization\",\"@id\":\"https:\\\/\\\/panairllc.com\\\/#organization\",\"name\":\"Panair LLC\",\"url\":\"https:\\\/\\\/panairllc.com\\\/\",\"logo\":{\"@type\":\"ImageObject\",\"inLanguage\":\"pt-BR\",\"@id\":\"https:\\\/\\\/panairllc.com\\\/#\\\/schema\\\/logo\\\/image\\\/\",\"url\":\"https:\\\/\\\/panairllc.com\\\/wp-content\\\/uploads\\\/2024\\\/08\\\/panairllc_logo.jpeg\",\"contentUrl\":\"https:\\\/\\\/panairllc.com\\\/wp-content\\\/uploads\\\/2024\\\/08\\\/panairllc_logo.jpeg\",\"width\":200,\"height\":200,\"caption\":\"Panair LLC\"},\"image\":{\"@id\":\"https:\\\/\\\/panairllc.com\\\/#\\\/schema\\\/logo\\\/image\\\/\"},\"sameAs\":[\"https:\\\/\\\/www.linkedin.com\\\/company\\\/panairllc\"]}]}<\/script>\n<!-- \/ Yoast SEO plugin. -->","yoast_head_json":{"title":"Pol\u00edticas de privacidade - Panair LLC","robots":{"index":"index","follow":"follow","max-snippet":"max-snippet:-1","max-image-preview":"max-image-preview:large","max-video-preview":"max-video-preview:-1"},"canonical":"https:\/\/panairllc.com\/pt\/politicas-de-privacidade\/","og_locale":"pt_BR","og_type":"article","og_title":"Pol\u00edticas de privacidade - Panair LLC","og_description":"Pol\u00edtica de Privacidade A presente Pol\u00edtica de Privacidade visa regular a utiliza\u00e7\u00e3o por voc\u00ea, usu\u00e1rio, de nossos servi\u00e7os pelo site. Atualizamos nossa pol\u00edtica de privacidade de acordo com a nova Lei Geral de Prote\u00e7\u00e3o de Dados (LGPD). Coletamos seus dados para oferecer uma experi\u00eancia personalizada de forma segura. O que \u00e9 a LGPD? A Lei [&hellip;]","og_url":"https:\/\/panairllc.com\/pt\/politicas-de-privacidade\/","og_site_name":"Panair LLC","article_modified_time":"2024-06-19T17:09:24+00:00","twitter_card":"summary_large_image","twitter_misc":{"Est. tempo de leitura":"7 minutos"},"schema":{"@context":"https:\/\/schema.org","@graph":[{"@type":"WebPage","@id":"https:\/\/panairllc.com\/politicas-de-privacidade\/","url":"https:\/\/panairllc.com\/politicas-de-privacidade\/","name":"Pol\u00edticas de privacidade - Panair LLC","isPartOf":{"@id":"https:\/\/panairllc.com\/#website"},"datePublished":"2024-05-14T13:08:03+00:00","dateModified":"2024-06-19T17:09:24+00:00","breadcrumb":{"@id":"https:\/\/panairllc.com\/politicas-de-privacidade\/#breadcrumb"},"inLanguage":"pt-BR","potentialAction":[{"@type":"ReadAction","target":["https:\/\/panairllc.com\/politicas-de-privacidade\/"]}]},{"@type":"BreadcrumbList","@id":"https:\/\/panairllc.com\/politicas-de-privacidade\/#breadcrumb","itemListElement":[{"@type":"ListItem","position":1,"name":"In\u00edcio","item":"https:\/\/panairllc.com\/"},{"@type":"ListItem","position":2,"name":"Pol\u00edticas de privacidade"}]},{"@type":"WebSite","@id":"https:\/\/panairllc.com\/#website","url":"https:\/\/panairllc.com\/","name":"Panair LLC","description":"","publisher":{"@id":"https:\/\/panairllc.com\/#organization"},"potentialAction":[{"@type":"SearchAction","target":{"@type":"EntryPoint","urlTemplate":"https:\/\/panairllc.com\/?s={search_term_string}"},"query-input":{"@type":"PropertyValueSpecification","valueRequired":true,"valueName":"search_term_string"}}],"inLanguage":"pt-BR"},{"@type":"Organization","@id":"https:\/\/panairllc.com\/#organization","name":"Panair LLC","url":"https:\/\/panairllc.com\/","logo":{"@type":"ImageObject","inLanguage":"pt-BR","@id":"https:\/\/panairllc.com\/#\/schema\/logo\/image\/","url":"https:\/\/panairllc.com\/wp-content\/uploads\/2024\/08\/panairllc_logo.jpeg","contentUrl":"https:\/\/panairllc.com\/wp-content\/uploads\/2024\/08\/panairllc_logo.jpeg","width":200,"height":200,"caption":"Panair LLC"},"image":{"@id":"https:\/\/panairllc.com\/#\/schema\/logo\/image\/"},"sameAs":["https:\/\/www.linkedin.com\/company\/panairllc"]}]}},"_links":{"self":[{"href":"https:\/\/panairllc.com\/pt\/wp-json\/wp\/v2\/pages\/3","targetHints":{"allow":["GET"]}}],"collection":[{"href":"https:\/\/panairllc.com\/pt\/wp-json\/wp\/v2\/pages"}],"about":[{"href":"https:\/\/panairllc.com\/pt\/wp-json\/wp\/v2\/types\/page"}],"author":[{"embeddable":true,"href":"https:\/\/panairllc.com\/pt\/wp-json\/wp\/v2\/users\/1"}],"replies":[{"embeddable":true,"href":"https:\/\/panairllc.com\/pt\/wp-json\/wp\/v2\/comments?post=3"}],"version-history":[{"count":8,"href":"https:\/\/panairllc.com\/pt\/wp-json\/wp\/v2\/pages\/3\/revisions"}],"predecessor-version":[{"id":653,"href":"https:\/\/panairllc.com\/pt\/wp-json\/wp\/v2\/pages\/3\/revisions\/653"}],"wp:attachment":[{"href":"https:\/\/panairllc.com\/pt\/wp-json\/wp\/v2\/media?parent=3"}],"curies":[{"name":"wp","href":"https:\/\/api.w.org\/{rel}","templated":true}]}}